{"id":181,"date":"2022-09-23T08:58:52","date_gmt":"2022-09-23T06:58:52","guid":{"rendered":"https:\/\/www.colegiocoreanomadrid.es\/?page_id=181"},"modified":"2024-06-09T18:57:43","modified_gmt":"2024-06-09T16:57:43","slug":"historia","status":"publish","type":"page","link":"https:\/\/www.colegiocoreanomadrid.es\/es\/historia\/","title":{"rendered":"Historia"},"content":{"rendered":"\t\t<div data-elementor-type=\"wp-page\" data-elementor-id=\"181\" class=\"elementor elementor-181\" data-elementor-post-type=\"page\">\n\t\t\t\t<div class=\"elementor-element elementor-element-1c3a883 e-con-full e-flex e-con e-parent\" data-id=\"1c3a883\" data-element_type=\"container\" data-e-type=\"container\" data-settings=\"{&quot;background_background&quot;:&quot;classic&quot;}\">\n\t\t\t\t<\/div>\n\t\t<div class=\"elementor-element elementor-element-bb12844 e-flex e-con-boxed e-con e-parent\" data-id=\"bb12844\" data-element_type=\"container\" data-e-type=\"container\">\n\t\t\t\t\t<div class=\"e-con-inner\">\n\t\t\t\t<div class=\"elementor-element elementor-element-829272b elementor-widget elementor-widget-breadcrumbs\" data-id=\"829272b\" data-element_type=\"widget\" data-e-type=\"widget\" data-widget_type=\"breadcrumbs.default\">\n\t\t\t\t<div class=\"elementor-widget-container\">\n\t\t\t\t\t<p id=\"breadcrumbs\"><span><span><a href=\"https:\/\/www.colegiocoreanomadrid.es\/es\/\">Inicio<\/a><\/span><\/span><\/p>\t\t\t\t<\/div>\n\t\t\t\t<\/div>\n\t\t\t\t\t<\/div>\n\t\t\t\t<\/div>\n\t\t<div class=\"elementor-element elementor-element-92880ac e-flex e-con-boxed e-con e-parent\" data-id=\"92880ac\" data-element_type=\"container\" data-e-type=\"container\">\n\t\t\t\t\t<div class=\"e-con-inner\">\n\t\t\t\t<div class=\"elementor-element elementor-element-52e6c76 elementor-widget elementor-widget-heading\" data-id=\"52e6c76\" data-element_type=\"widget\" data-e-type=\"widget\" data-widget_type=\"heading.default\">\n\t\t\t\t<div class=\"elementor-widget-container\">\n\t\t\t\t\t<h1 class=\"elementor-heading-title elementor-size-default\">Historia del colegio<\/h1>\t\t\t\t<\/div>\n\t\t\t\t<\/div>\n\t\t\t\t<div class=\"elementor-element elementor-element-e737284 elementor-widget-divider--view-line elementor-widget elementor-widget-divider\" data-id=\"e737284\" data-element_type=\"widget\" data-e-type=\"widget\" data-widget_type=\"divider.default\">\n\t\t\t\t<div class=\"elementor-widget-container\">\n\t\t\t\t\t\t\t<div class=\"elementor-divider\">\n\t\t\t<span class=\"elementor-divider-separator\">\n\t\t\t\t\t\t<\/span>\n\t\t<\/div>\n\t\t\t\t\t\t<\/div>\n\t\t\t\t<\/div>\n\t\t\t\t<div class=\"elementor-element elementor-element-c55cd45 elementor-widget elementor-widget-be-timeline\" data-id=\"c55cd45\" data-element_type=\"widget\" data-e-type=\"widget\" data-widget_type=\"be-timeline.default\">\n\t\t\t\t<div class=\"elementor-widget-container\">\n\t\t\t\t\t<ul class=\"be-pack timeline \"><li class=\"timeline-right\"> \n\t\t\t<div class=\"tl-circ\"><\/div>\n\t\t <div class=\"timeline-panel\">\n\t\t   <div class=\"tl-heading\">\n\t\t\t <div class=\"tl-content\">\n\n\t\t\t    \n\t\t\t\t\t\t\n\t\t\t\t\t\t<div class=\"be-desc\">\n\t\t\t\t\t\t\t<h2 class=\"be-title\">2024 - presente<\/h2>\t\t\t\t\t\t\t<div class=\"be-content\"><p><strong><br \/>Mayo 2024<\/strong>: Presidente: Su Youn Cho \/ Director: -<\/p><\/div>\t\t\t\t\t\t<\/div>\n\n\t\t\t\t\t\n\t\t\t\t<\/div>\n\n\t\t\t<\/div>\n\t\t<\/div>\n\t\t\t<\/li>\n\t\t\t<li class=\"timeline-inverted\"> \n\t\t\t<div class=\"tl-circ\"><\/div>\n\t\t <div class=\"timeline-panel\">\n\t\t   <div class=\"tl-heading\">\n\t\t\t <div class=\"tl-content\">\n\n\t\t\t    \n\t\t\t\t\t\t\n\t\t\t\t\t\t<div class=\"be-desc\">\n\t\t\t\t\t\t\t<h2 class=\"be-title\">2020 - 2024<\/h2>\t\t\t\t\t\t\t<div class=\"be-content\"><p><strong><br \/>Mayo 2022<\/strong>: Presidente: Kim Jong Bum \/ Director: Kim Yong Jae<br \/><strong>2021<\/strong>: Presidente: Kim Jong Bum \/ Directora: Oh In Sook<\/p><h3>\u00a0<\/h3><\/div>\t\t\t\t\t\t<\/div>\n\n\t\t\t\t\t\n\t\t\t\t<\/div>\n\n\t\t\t<\/div>\n\t\t<\/div>\n\t\t\t<\/li>\n\t\t\t<li class=\"timeline-right\"> \n\t\t\t<div class=\"tl-circ\"><\/div>\n\t\t <div class=\"timeline-panel\">\n\t\t   <div class=\"tl-heading\">\n\t\t\t <div class=\"tl-content\">\n\n\t\t\t    \n\t\t\t\t\t\t\n\t\t\t\t\t\t<div class=\"be-desc\">\n\t\t\t\t\t\t\t<h2 class=\"be-title\">2010 - 2019<\/h2>\t\t\t\t\t\t\t<div class=\"be-content\"><p><strong><br \/>2019<\/strong>: Presidente: Lee Mi Ran \/ Directora: Oh In Sook<br \/><strong>Febrero 2018<\/strong>: Comienzo de clases de cultura tradicional para todos los alumnos - (Taekwondo, Modelado Hanji, Gayageum, Danso, Samulnori)<br \/><strong>2017<\/strong>: Presidente: Seo Jong Chan \/ Directora: Oh In Sook<br \/><strong>2015<\/strong>: Presidente: Lee Mi Ran \/ Directora: Kim Choon Hee<br \/><strong>Octubre 2013<\/strong>: Adici\u00f3n de materias de actividades especiales - (Taekwondo, Arte, Instrumentos Musicales-Guitarra, Matem\u00e1ticas)<br \/><strong>Marzo 2013<\/strong>: Presidente: Lee Mi Ran \/ Director: Lee Kwang Bok<br \/><strong>Julio 2013<\/strong>: Apertura de campamento de verano durante 5 semanas (4 asignaturas: coreano, ingl\u00e9s, matem\u00e1ticas, arte)<br \/><strong>Marzo 2011<\/strong>: Comienzo de actividad extraescolar - Clase de Taekwondo (Maestros Seo Jong Chan y Francisco)<br \/><strong>Febrero 2011<\/strong>: Divisi\u00f3n del curso de Infantil en dos clases (Infantil 1- 5 a\u00f1os, Infantil 2 - 6 a\u00f1os) y reapertura de cursos de secundaria y 3 cursos para adultos (principiante, intermedio, avanzado)<br \/><strong>Septiembre 2010<\/strong>: Presidente: Lee Mi Ran \/ Director: Jeong Tae Hwa<\/p><\/div>\t\t\t\t\t\t<\/div>\n\n\t\t\t\t\t\n\t\t\t\t<\/div>\n\n\t\t\t<\/div>\n\t\t<\/div>\n\t\t\t<\/li>\n\t\t\t<li class=\"timeline-inverted\"> \n\t\t\t<div class=\"tl-circ\"><\/div>\n\t\t <div class=\"timeline-panel\">\n\t\t   <div class=\"tl-heading\">\n\t\t\t <div class=\"tl-content\">\n\n\t\t\t    \n\t\t\t\t\t\t\n\t\t\t\t\t\t<div class=\"be-desc\">\n\t\t\t\t\t\t\t<h2 class=\"be-title\">2000 - 2009<\/h2>\t\t\t\t\t\t\t<div class=\"be-content\"><p><strong><br \/>Noviembre 2008<\/strong>: Presidente: Moon Jae Geun \/ Director: Hyun Chun Nam<br \/><strong>Septiembre 2007<\/strong>: Traslado del Colegio Coreano - Ubicaci\u00f3n: C\/ Celanova 2, Madrid (anterior Escuela Guatemala)<br \/><strong>Abril 2007<\/strong>: Presidente: Lee In Ja \/ Director: Park Jae Wook<br \/><strong>Febrero 2006<\/strong>: Apertura de clase Infantil (Admisi\u00f3n a partir de 3 a\u00f1os)<br \/><strong>Febrero 2005<\/strong>: Presidente: Lee In Ja \/ Director: Seong-Hwan Kim<br \/><strong>Febrero 2003<\/strong>: Apertura de cursos de Secundaria. Presidente: Park Jae Wook \/ Directora: Lee Seung Mi<br \/><strong>Febrero 2002<\/strong>: Apertura de clases para adultos<br \/><strong>Febrero 2001<\/strong>: Presidente: Ko Gwang Hee \/ Directora: Lee Seung Mi<br \/><strong>Enero 2001<\/strong>: Renombrado como Colegio Coreano de Madrid<\/p><\/div>\t\t\t\t\t\t<\/div>\n\n\t\t\t\t\t\n\t\t\t\t<\/div>\n\n\t\t\t<\/div>\n\t\t<\/div>\n\t\t\t<\/li>\n\t\t\t<li class=\"timeline-right\"> \n\t\t\t<div class=\"tl-circ\"><\/div>\n\t\t <div class=\"timeline-panel\">\n\t\t   <div class=\"tl-heading\">\n\t\t\t <div class=\"tl-content\">\n\n\t\t\t    \n\t\t\t\t\t\t\n\t\t\t\t\t\t<div class=\"be-desc\">\n\t\t\t\t\t\t\t<h2 class=\"be-title\">1981 - 1999<\/h2>\t\t\t\t\t\t\t<div class=\"be-content\"><p><strong><br \/>Febrero 1999<\/strong>: Presidente: Cho Hoon \/ Director: Yoon Jong Sun<br \/><strong>Septiembre 1997<\/strong>: Presidente: Cho Hoon<br \/><strong>Febrero 1997<\/strong>: Presidente: Park Sang Wook \/ Director: Yoon Jong Sun<br \/><strong>Febrero 1995<\/strong>: Apertura de Cursos de Infantil y Secundaria<br \/><strong>Enero 1995<\/strong>: Establecimiento de la Junta Directiva de la Fundaci\u00f3n del Colegio Coreano. Director: Yoon Jong Sun<br \/><strong>Diciembre 1994<\/strong>: Reuni\u00f3n General de la Fundaci\u00f3n del Colegio Coreano. Renombrado como Colegio Coreano de Madrid. Presidente: Kwon Young Ho<br \/><strong>Junio 1994<\/strong>: Traslado del colegio a un colegio p\u00fablico espa\u00f1ol: I .E .S Virgen de la Paloma, C\/ Francos Rodr\u00edguez 106, Madrid<br \/><strong>Septiembre 1990<\/strong>: Director: Ji Young Beom<br \/><strong>Noviembre 1985<\/strong>: Traslado del colegio (C\/ Rafael Calvo 9, Madrid)<br \/><strong>Julio 1982<\/strong>: Inauguraci\u00f3n del Colegio Coreano de Madrid (fusi\u00f3n del Colegio de los s\u00e1bados). Ubicaci\u00f3n: Colegio Porvenir (C\/Bravo Murillo 85, Madrid). Entidad fundadora: Iglesia Presbiteriana Coreana de Madrid. Director: Hwang Sang Ho<br \/><strong>Enero 1981<\/strong>: Inauguraci\u00f3n de la Escuela Primaria de Madrid. Ubicaci\u00f3n: Paseo de Extremadura, 6 Madrid. Patrocinado por: Lee Hoon, Choi Yoon Guk. Tutora: Lee Seung Mi\u00a0<\/p><\/div>\t\t\t\t\t\t<\/div>\n\n\t\t\t\t\t\n\t\t\t\t<\/div>\n\n\t\t\t<\/div>\n\t\t<\/div>\n\t\t\t<\/li>\n\t\t\t \n      <\/ul>\n\n\t\t\t\t\t<\/div>\n\t\t\t\t<\/div>\n\t\t\t\t\t<\/div>\n\t\t\t\t<\/div>\n\t\t\t\t<\/div>\n\t\t","protected":false},"excerpt":{"rendered":"<p>Historia del colegio 2024 &#8211; presente Mayo 2024: Presidente: Su Youn Cho \/ Director: &#8211; 2020 &#8211; 2024 Mayo 2022: Presidente: Kim Jong Bum \/ Director: Kim Yong Jae2021: Presidente: Kim Jong Bum \/ Directora: Oh In Sook \u00a0 2010 &#8211; 2019 2019: Presidente: Lee Mi Ran \/ Directora: Oh In SookFebrero 2018: Comienzo de [&hellip;]<\/p>\n","protected":false},"author":1,"featured_media":0,"parent":0,"menu_order":0,"comment_status":"closed","ping_status":"closed","template":"","meta":{"_bbp_topic_count":0,"_bbp_reply_count":0,"_bbp_total_topic_count":0,"_bbp_total_reply_count":0,"_bbp_voice_count":0,"_bbp_anonymous_reply_count":0,"_bbp_topic_count_hidden":0,"_bbp_reply_count_hidden":0,"_bbp_forum_subforum_count":0,"footnotes":""},"class_list":["post-181","page","type-page","status-publish","hentry"],"yoast_head":"<!-- This site is optimized with the Yoast SEO plugin v27.4 - https:\/\/yoast.com\/product\/yoast-seo-wordpress\/ -->\n<title>Historia - Colegio Coreano de Madrid<\/title>\n<meta name=\"robots\" content=\"index, follow, max-snippet:-1, max-image-preview:large, max-video-preview:-1\" \/>\n<link rel=\"canonical\" href=\"https:\/\/www.colegiocoreanomadrid.es\/es\/historia\/\" \/>\n<meta property=\"og:locale\" content=\"es_ES\" \/>\n<meta property=\"og:type\" content=\"article\" \/>\n<meta property=\"og:title\" content=\"Historia - Colegio Coreano de Madrid\" \/>\n<meta property=\"og:description\" content=\"Historia del colegio 2024 &#8211; presente Mayo 2024: Presidente: Su Youn Cho \/ Director: &#8211; 2020 &#8211; 2024 Mayo 2022: Presidente: Kim Jong Bum \/ Director: Kim Yong Jae2021: Presidente: Kim Jong Bum \/ Directora: Oh In Sook \u00a0 2010 &#8211; 2019 2019: Presidente: Lee Mi Ran \/ Directora: Oh In SookFebrero 2018: Comienzo de [&hellip;]\" \/>\n<meta property=\"og:url\" content=\"https:\/\/www.colegiocoreanomadrid.es\/es\/historia\/\" \/>\n<meta property=\"og:site_name\" content=\"Colegio Coreano de Madrid\" \/>\n<meta property=\"article:modified_time\" content=\"2024-06-09T16:57:43+00:00\" \/>\n<meta name=\"twitter:card\" content=\"summary_large_image\" \/>\n<meta name=\"twitter:label1\" content=\"Tiempo de lectura\" \/>\n\t<meta name=\"twitter:data1\" content=\"3 minutos\" \/>\n<script type=\"application\/ld+json\" class=\"yoast-schema-graph\">{\"@context\":\"https:\\\/\\\/schema.org\",\"@graph\":[{\"@type\":\"WebPage\",\"@id\":\"https:\\\/\\\/www.colegiocoreanomadrid.es\\\/es\\\/historia\\\/\",\"url\":\"https:\\\/\\\/www.colegiocoreanomadrid.es\\\/es\\\/historia\\\/\",\"name\":\"Historia - Colegio Coreano de Madrid\",\"isPartOf\":{\"@id\":\"https:\\\/\\\/www.colegiocoreanomadrid.es\\\/es\\\/#website\"},\"datePublished\":\"2022-09-23T06:58:52+00:00\",\"dateModified\":\"2024-06-09T16:57:43+00:00\",\"breadcrumb\":{\"@id\":\"https:\\\/\\\/www.colegiocoreanomadrid.es\\\/es\\\/historia\\\/#breadcrumb\"},\"inLanguage\":\"es\",\"potentialAction\":[{\"@type\":\"ReadAction\",\"target\":[\"https:\\\/\\\/www.colegiocoreanomadrid.es\\\/es\\\/historia\\\/\"]}]},{\"@type\":\"BreadcrumbList\",\"@id\":\"https:\\\/\\\/www.colegiocoreanomadrid.es\\\/es\\\/historia\\\/#breadcrumb\",\"itemListElement\":[{\"@type\":\"ListItem\",\"position\":1,\"name\":\"Inicio\",\"item\":\"https:\\\/\\\/www.colegiocoreanomadrid.es\\\/es\\\/\"},{\"@type\":\"ListItem\",\"position\":2,\"name\":\"Historia\"}]},{\"@type\":\"WebSite\",\"@id\":\"https:\\\/\\\/www.colegiocoreanomadrid.es\\\/es\\\/#website\",\"url\":\"https:\\\/\\\/www.colegiocoreanomadrid.es\\\/es\\\/\",\"name\":\"Colegio Coreano de Madrid\",\"description\":\"\",\"publisher\":{\"@id\":\"https:\\\/\\\/www.colegiocoreanomadrid.es\\\/es\\\/#organization\"},\"potentialAction\":[{\"@type\":\"SearchAction\",\"target\":{\"@type\":\"EntryPoint\",\"urlTemplate\":\"https:\\\/\\\/www.colegiocoreanomadrid.es\\\/es\\\/?s={search_term_string}\"},\"query-input\":{\"@type\":\"PropertyValueSpecification\",\"valueRequired\":true,\"valueName\":\"search_term_string\"}}],\"inLanguage\":\"es\"},{\"@type\":\"Organization\",\"@id\":\"https:\\\/\\\/www.colegiocoreanomadrid.es\\\/es\\\/#organization\",\"name\":\"Colegio Coreano de Madrid\",\"url\":\"https:\\\/\\\/www.colegiocoreanomadrid.es\\\/es\\\/\",\"logo\":{\"@type\":\"ImageObject\",\"inLanguage\":\"es\",\"@id\":\"https:\\\/\\\/www.colegiocoreanomadrid.es\\\/es\\\/#\\\/schema\\\/logo\\\/image\\\/\",\"url\":\"https:\\\/\\\/www.colegiocoreanomadrid.es\\\/wp-content\\\/uploads\\\/2022\\\/09\\\/colegio-coreano-logo.svg\",\"contentUrl\":\"https:\\\/\\\/www.colegiocoreanomadrid.es\\\/wp-content\\\/uploads\\\/2022\\\/09\\\/colegio-coreano-logo.svg\",\"width\":227,\"height\":48,\"caption\":\"Colegio Coreano de Madrid\"},\"image\":{\"@id\":\"https:\\\/\\\/www.colegiocoreanomadrid.es\\\/es\\\/#\\\/schema\\\/logo\\\/image\\\/\"}}]}<\/script>\n<!-- \/ Yoast SEO plugin. -->","yoast_head_json":{"title":"Historia - Colegio Coreano de Madrid","robots":{"index":"index","follow":"follow","max-snippet":"max-snippet:-1","max-image-preview":"max-image-preview:large","max-video-preview":"max-video-preview:-1"},"canonical":"https:\/\/www.colegiocoreanomadrid.es\/es\/historia\/","og_locale":"es_ES","og_type":"article","og_title":"Historia - Colegio Coreano de Madrid","og_description":"Historia del colegio 2024 &#8211; presente Mayo 2024: Presidente: Su Youn Cho \/ Director: &#8211; 2020 &#8211; 2024 Mayo 2022: Presidente: Kim Jong Bum \/ Director: Kim Yong Jae2021: Presidente: Kim Jong Bum \/ Directora: Oh In Sook \u00a0 2010 &#8211; 2019 2019: Presidente: Lee Mi Ran \/ Directora: Oh In SookFebrero 2018: Comienzo de [&hellip;]","og_url":"https:\/\/www.colegiocoreanomadrid.es\/es\/historia\/","og_site_name":"Colegio Coreano de Madrid","article_modified_time":"2024-06-09T16:57:43+00:00","twitter_card":"summary_large_image","twitter_misc":{"Tiempo de lectura":"3 minutos"},"schema":{"@context":"https:\/\/schema.org","@graph":[{"@type":"WebPage","@id":"https:\/\/www.colegiocoreanomadrid.es\/es\/historia\/","url":"https:\/\/www.colegiocoreanomadrid.es\/es\/historia\/","name":"Historia - Colegio Coreano de Madrid","isPartOf":{"@id":"https:\/\/www.colegiocoreanomadrid.es\/es\/#website"},"datePublished":"2022-09-23T06:58:52+00:00","dateModified":"2024-06-09T16:57:43+00:00","breadcrumb":{"@id":"https:\/\/www.colegiocoreanomadrid.es\/es\/historia\/#breadcrumb"},"inLanguage":"es","potentialAction":[{"@type":"ReadAction","target":["https:\/\/www.colegiocoreanomadrid.es\/es\/historia\/"]}]},{"@type":"BreadcrumbList","@id":"https:\/\/www.colegiocoreanomadrid.es\/es\/historia\/#breadcrumb","itemListElement":[{"@type":"ListItem","position":1,"name":"Inicio","item":"https:\/\/www.colegiocoreanomadrid.es\/es\/"},{"@type":"ListItem","position":2,"name":"Historia"}]},{"@type":"WebSite","@id":"https:\/\/www.colegiocoreanomadrid.es\/es\/#website","url":"https:\/\/www.colegiocoreanomadrid.es\/es\/","name":"Colegio Coreano de Madrid","description":"","publisher":{"@id":"https:\/\/www.colegiocoreanomadrid.es\/es\/#organization"},"potentialAction":[{"@type":"SearchAction","target":{"@type":"EntryPoint","urlTemplate":"https:\/\/www.colegiocoreanomadrid.es\/es\/?s={search_term_string}"},"query-input":{"@type":"PropertyValueSpecification","valueRequired":true,"valueName":"search_term_string"}}],"inLanguage":"es"},{"@type":"Organization","@id":"https:\/\/www.colegiocoreanomadrid.es\/es\/#organization","name":"Colegio Coreano de Madrid","url":"https:\/\/www.colegiocoreanomadrid.es\/es\/","logo":{"@type":"ImageObject","inLanguage":"es","@id":"https:\/\/www.colegiocoreanomadrid.es\/es\/#\/schema\/logo\/image\/","url":"https:\/\/www.colegiocoreanomadrid.es\/wp-content\/uploads\/2022\/09\/colegio-coreano-logo.svg","contentUrl":"https:\/\/www.colegiocoreanomadrid.es\/wp-content\/uploads\/2022\/09\/colegio-coreano-logo.svg","width":227,"height":48,"caption":"Colegio Coreano de Madrid"},"image":{"@id":"https:\/\/www.colegiocoreanomadrid.es\/es\/#\/schema\/logo\/image\/"}}]}},"_links":{"self":[{"href":"https:\/\/www.colegiocoreanomadrid.es\/es\/wp-json\/wp\/v2\/pages\/181","targetHints":{"allow":["GET"]}}],"collection":[{"href":"https:\/\/www.colegiocoreanomadrid.es\/es\/wp-json\/wp\/v2\/pages"}],"about":[{"href":"https:\/\/www.colegiocoreanomadrid.es\/es\/wp-json\/wp\/v2\/types\/page"}],"author":[{"embeddable":true,"href":"https:\/\/www.colegiocoreanomadrid.es\/es\/wp-json\/wp\/v2\/users\/1"}],"replies":[{"embeddable":true,"href":"https:\/\/www.colegiocoreanomadrid.es\/es\/wp-json\/wp\/v2\/comments?post=181"}],"version-history":[{"count":6,"href":"https:\/\/www.colegiocoreanomadrid.es\/es\/wp-json\/wp\/v2\/pages\/181\/revisions"}],"predecessor-version":[{"id":4268,"href":"https:\/\/www.colegiocoreanomadrid.es\/es\/wp-json\/wp\/v2\/pages\/181\/revisions\/4268"}],"wp:attachment":[{"href":"https:\/\/www.colegiocoreanomadrid.es\/es\/wp-json\/wp\/v2\/media?parent=181"}],"curies":[{"name":"wp","href":"https:\/\/api.w.org\/{rel}","templated":true}]}}